{"id":23,"date":"2023-09-14T11:36:21","date_gmt":"2023-09-14T11:36:21","guid":{"rendered":"https:\/\/hotelcostablancadenia.testdcip.com\/?page_id=23"},"modified":"2023-09-20T15:57:06","modified_gmt":"2023-09-20T15:57:06","slug":"nota-legal","status":"publish","type":"page","link":"https:\/\/hotelcostablancadenia.com\/es\/nota-legal\/","title":{"rendered":"Nota legal"},"content":{"rendered":"\n<p>En cumplimiento del art. 10 de Ley 34\/2002, de 11 de julio, de servicios de la sociedad de la informaci\u00f3n y de comercio electr\u00f3nico, le informamos que el responsable de este sitio web es:<\/p>\n\n\n\n<ul class=\"wp-block-list\">\n<li>IDENTIDAD: Jos\u00e9 Cruz Mart\u00ed Gramaje<\/li>\n\n\n\n<li>C.I.F \/ N.I.F.: 19977722Z<\/li>\n\n\n\n<li>DOMICILIO: Calle Pintor Llorens 3, 03700 Denia (Alicante)<\/li>\n\n\n\n<li>TEL\u00c9FONO: 965 780 336<\/li>\n\n\n\n<li>E-MAIL: comercial@mrhotelldenia.com<\/li>\n\n\n\n<li>DATOS REGISTRALES: Registro Mercantil de la provincia de ALICANTE, Tomo 2266, Folio 203, Secci\u00f3n 8\u00aa Hoja A-55428 I\/A 1<\/li>\n<\/ul>\n\n\n\n<h2 class=\"wp-block-heading\">POL\u00cdTICA DE PRIVACIDAD<\/h2>\n\n\n\n<p>La presente pol\u00edtica de privacidad es conforme al Reglamento (UE) 2016\/679 del Parlamento Europeo y del Consejo, de 27 de abril de 2016, relativo a la protecci\u00f3n de les personas f\u00edsicas en lo que respecta al tratamiento de datos personales y a la libre circulaci\u00f3n de estos datos (RGPD), a Ley Org\u00e1nica 3\/2018, de 5 de diciembre, de Protecci\u00f3n de Datos Personales y garant\u00eda de los derechos digitales (LOPDGDD), as\u00ed como en todo aquello que no resulte contrario a la normativa indicada, a la Ley Org\u00e1nica 15\/1999, de Protecci\u00f3n de Datos de Car\u00e1cter Personal (LOPD) y su normativa de desarrollo, y\/o aquellas que las pudieran sustituir o actualizar en el futuro.<\/p>\n\n\n\n<p>Nuestra organizaci\u00f3n est\u00e1 comprometida con la privacidad de sus datos personales. Los datos personales facilitados son necesarios para prestar nuestros servicios y son tratados de manera l\u00edcita, leal y transparente, garantizando una seguridad adecuada de los mismos, incluida la protecci\u00f3n contra el tratamiento no autorizado o il\u00edcito y contra su p\u00e9rdida, destrucci\u00f3n o da\u00f1o accidental mediante la aplicaci\u00f3n de medidas t\u00e9cnicas y organizativas.<\/p>\n\n\n\n<p>A trav\u00e9s del presente documento queremos ofrecerle de forma transparente y leal toda la informaci\u00f3n necesaria relativa al tratamiento de sus datos personales que realiza esta organizaci\u00f3n.<\/p>\n\n\n\n<h3 class=\"wp-block-heading\">I.- RESPONSABLE DEL TRATAMIENTO<\/h3>\n\n\n\n<p><strong>IDENTIDAD:<\/strong>&nbsp;Jos\u00e9 Cruz Mart\u00ed Gramaje<\/p>\n\n\n\n<p><strong>C.I.F. \/ N.I.F.:<\/strong>&nbsp;19977722Z<\/p>\n\n\n\n<p><strong>DOMICILIO:<\/strong>&nbsp;Calle Pintor Llorens 3, 03700 Denia (Alicante)<\/p>\n\n\n\n<p><strong>TEL\u00c9FONO:<\/strong>&nbsp;965 780 336<\/p>\n\n\n\n<p><strong>E-MAIL:<\/strong>&nbsp;comercial@mrhotelldenia.com<\/p>\n\n\n\n<h3 class=\"wp-block-heading\">II.- DESTINATARIOS DE LOS DATOS PERSONALES<\/h3>\n\n\n\n<p>1.- Los datos personales facilitados no ser\u00e1n objeto de cesi\u00f3n alguna salvo que as\u00ed se disponga en los tratamientos espec\u00edficos.<\/p>\n\n\n\n<p>2.- Opcionalmente, para la contrataci\u00f3n de servicios de computaci\u00f3n a la nube y\/o servicios para el env\u00edo de e-mails, de comunicaci\u00f3n, as\u00ed como otros servicios inform\u00e1ticos relacionados, los datos personales podr\u00e1n ser:<\/p>\n\n\n\n<p>\u2013 Cedidos a empresas de servicios inform\u00e1ticos ubicados dentro del Espacio Econ\u00f3mico Europeo (EEE) o,<\/p>\n\n\n\n<p>\u2013 Transferidos a empresas de servicios inform\u00e1ticos ubicadas fuera del EEE acogidos al escudo de protecci\u00f3n Privacy Shield por el que cuentan con medidas de protecci\u00f3n adecuadas para garantizar la seguridad de los datos personales. Puede obtener m\u00e1s informaci\u00f3n visitando este enlace: https:\/\/www.privacyshield.gov\/welcome<\/p>\n\n\n\n<p>3.- Opcionalmente, a administraciones y otros organismos cuando sean requeridos en cumplimiento de obligaciones legales.<\/p>\n\n\n\n<h3 class=\"wp-block-heading\">III.- BASE LEGAL QUE LEGITIMA EL TRATAMIENTO DE LOS DATOS PERSONALES<\/h3>\n\n\n\n<p>En cada tratamiento espec\u00edfico de datos personales le informaremos de la base legal que lo legitima.<\/p>\n\n\n\n<h3 class=\"wp-block-heading\">IV.- DERECHOS<\/h3>\n\n\n\n<h3 class=\"wp-block-heading\">DERECHO DE ACCESO<\/h3>\n\n\n\n<p>Es el derecho a obtener del responsable del tratamiento confirmaci\u00f3n de si est\u00e1n tratando o no datos personales que conciernen al interesado y, en tal caso, derecho de acceso a los datos personales y a la siguiente informaci\u00f3n: los fines del tratamiento, las categor\u00edas de datos personales de que se trate, los destinatarios o las categor\u00edas de destinatarios a los que se comunicaron o ser\u00e1n comunicados los datos personales, plazo de conservaci\u00f3n o los criterios utilizados para determinar este plazo, la existencia del derecho a solicitar del responsable la rectificaci\u00f3n o supresi\u00f3n de datos personales o la limitaci\u00f3n del tratamiento de datos personales relativos al interesado o a oponerse a dicho tratamiento, derecho a presentar una reclamaci\u00f3n ante la Agencia Espa\u00f1ola de Protecci\u00f3n de Datos (AEPD), la existencia, en su caso, de decisiones automatizadas, incluida la elaboraci\u00f3n de perfiles, cuando se transfieran datos a terceros pa\u00edses el derecho a ser informado de las garant\u00edas adecuadas aplicadas.<\/p>\n\n\n\n<h3 class=\"wp-block-heading\">DERECHO DE RECTIFICACI\u00d3N<\/h3>\n\n\n\n<p>Es el derecho a solicitar la rectificaci\u00f3n de sus datos personales si son inexactos, incluyendo el derecho a completar datos que figuren incompletos. Hay que tener en cuenta que al facilitarnos los datos personales por cualquier v\u00eda, garantiza que son ciertos y exactos y se compromete a notificarnos cualquier cambio o modificaci\u00f3n de los mismos. Por lo tanto cualquier da\u00f1o causado por motivo de una comunicaci\u00f3n de informaci\u00f3n err\u00f3nea, inexacta o incompleta en los formularios de la web, ser\u00e1 responsabilidad exclusiva del interesado.<\/p>\n\n\n\n<h3 class=\"wp-block-heading\">DERECHO DE SUPRESI\u00d3N<\/h3>\n\n\n\n<p>Es el derecho a solicitar la supresi\u00f3n de sus datos personales cuando, entre otros supuestos, ya no son necesarios para la finalidad por la cual fueron recabados, o est\u00e1n siendo tratados de otro modo o retire el consentimiento. Hay que tener en cuenta que no proceder\u00e1 la supresi\u00f3n cuando el tratamiento de los datos personales sea necesario, entre otros supuestos, para el cumplimiento de obligaciones legales o para la formulaci\u00f3n, el ejercicio o la defensa de reclamaciones.<\/p>\n\n\n\n<h3 class=\"wp-block-heading\">DERECHO A LA LIMITACI\u00d3N<\/h3>\n\n\n\n<p>Es el derecho a solicitar la limitaci\u00f3n del tratamiento de sus datos personales, lo que supone que en determinados casos pueda solicitarnos que suspendamos temporalmente los tratamientos de sus datos personales o que los conservemos m\u00e1s all\u00e1 del tiempo necesario cuando pueda necesitarlo.<\/p>\n\n\n\n<h3 class=\"wp-block-heading\">DERECHO A RETIRAR EL CONSENTIMIENTO<\/h3>\n\n\n\n<p>Es el derecho a retirar el consentimiento que ha proporcionado al marcar \u201cHe le\u00eddo y acepto la pol\u00edtica de privacidad\u201d en cualquier momento y seg\u00fan se especifica en el apartado correspondiente \u201cEjercicio de derechos\u201d o en el tratamiento espec\u00edfico de comunicaciones comerciales o Newsletter. Hay que tener en cuenta que este derecho no surtir\u00e1 efectos si, entre otros casos, el tratamiento de los datos personales es necesario para el cumplimiento de una obligaci\u00f3n legal, la ejecuci\u00f3n y el mantenimiento de una relaci\u00f3n contractual, o para la formulaci\u00f3n, ejercicio o la defensa de reclamaciones. Asimismo la retirada del consentimiento no tendr\u00e1 efectos retroactivos, es decir, no afectar\u00e1 a la licitud del tratamiento basado en el consentimiento previo a su retirada.<\/p>\n\n\n\n<h3 class=\"wp-block-heading\">DERECHO A LA PORTABILIDAD<\/h3>\n\n\n\n<p>Es el derecho a recibir los datos personales que le incumban y que nos haya facilitado, en un formato estructurado, de uso com\u00fan y lectura mec\u00e1nica, y a trasmitirlos a otro responsable, siempre y cuando: el tratamiento se base en su consentimiento y se efect\u00fae por medios automatizados o inform\u00e1ticos.<\/p>\n\n\n\n<h3 class=\"wp-block-heading\">DERECHO DE OPOSICI\u00d3N<\/h3>\n\n\n\n<p>Es el derecho a oponerse al tratamiento de sus datos personales en base al inter\u00e9s leg\u00edtimo nuestro. No seguiremos tratando sus datos personales a menos que podamos acreditar motivos leg\u00edtimos imperiosos para el tratamiento que prevalezcan sobre sus intereses, derechos y libertades, o bien para la formulaci\u00f3n, el ejercicio o la defensa de reclamaciones.<\/p>\n\n\n\n<h3 class=\"wp-block-heading\">DERECHO A PRESENTAR UNA RECLAMACI\u00d3N ANTE UNA AUTORIDAD DE CONTROL<\/h3>\n\n\n\n<p>Si considera que tratamos sus datos personales de un modo incorrecto, puede contactar con nosotros o tambi\u00e9n tiene derecho a presentar una reclamaci\u00f3n ante la Agencia Espa\u00f1ola de Protecci\u00f3n de Datos (AEPD):<\/p>\n\n\n\n<figure class=\"wp-block-embed\"><div class=\"wp-block-embed__wrapper\">\nhttps:\/\/www.agpd.es\/portalwebAGPD\/index-ides-idphp.php\n<\/div><\/figure>\n\n\n\n<h3 class=\"wp-block-heading\">EJERCICIO DE DERECHOS<\/h3>\n\n\n\n<p>Puede ejercer los derechos que le asisten a trav\u00e9s de carta a la direcci\u00f3n postal arriba indicada o a trav\u00e9s del e-mail comercial@mrhotelldenia.com, adjuntando en ambos casos copia de su NIF\/NIE\/Pasaporte o documento an\u00e1logo.<\/p>\n\n\n\n<h3 class=\"wp-block-heading\">V.- TRATAMIENTOS DE DATOS PERSONALES.<\/h3>\n\n\n\n<h3 class=\"wp-block-heading\">DISPOSICIONES GEN\u00c9RICAS<\/h3>\n\n\n\n<p>Los datos personales solicitados en cada uno de los tratamientos espec\u00edficos son adecuados, pertinentes y limitados a lo necesario en relaci\u00f3n con los fines para los que son tratados por lo que se cumple con el principio de minimizaci\u00f3n de datos.<\/p>\n\n\n\n<p>Los datos personales solicitados en cada uno de los tratamientos espec\u00edficos son los estrictamente necesarios, la negativa a facilitarlos implicar\u00eda no poder prestar el servicio solicitado.<\/p>\n\n\n\n<p>Las comunicaciones de los datos personales previstas en cada uno de los tratamientos espec\u00edficos en algunos casos son necesarias para la ejecuci\u00f3n y el mantenimiento de un contrato y en otros casos para el cumplimiento de una obligaci\u00f3n legal aplicable al responsable del tratamiento.<\/p>\n\n\n\n<h3 class=\"wp-block-heading\">FORMULARIO DE CONTACTO<\/h3>\n\n\n\n<p>Los datos personales ser\u00e1n tratados para canalizar las solicitudes de informaci\u00f3n, sugerencias y reclamaciones de usuarios o clientes.<\/p>\n\n\n\n<p>La base legal que legitima el tratamiento de los datos personales es el consentimiento expreso al marcar \u201cHe le\u00eddo y acepto la pol\u00edtica de privacidad\u201d.<\/p>\n\n\n\n<p>Los datos personales se conservar\u00e1n por un per\u00edodo de dos a\u00f1os desde el momento en que dejen de tratarse, sin perjuicio del ejercicio de los derechos que le asisten como interesado.<\/p>\n\n\n\n<h3 class=\"wp-block-heading\">FORMULARIO CURR\u00cdCULUM<\/h3>\n\n\n\n<p>Los datos personales ser\u00e1n tratados para gestionar el proceso selectivo en la empresa.<\/p>\n\n\n\n<p>La base legal que legitima el tratamiento de los datos personales es el consentimiento expreso al marcar \u201cHe le\u00eddo y acepto la pol\u00edtica de privacidad\u201d.<\/p>\n\n\n\n<p>Los datos personales se conservar\u00e1n por un per\u00edodo de dos a\u00f1os desde el momento en que dejen de tratarse, sin perjuicio del ejercicio de los derechos que le asisten como interesado.<\/p>\n\n\n\n<h2 class=\"wp-block-heading\">CONDICIONES GENERALES DE USO DE<a href=\"https:\/\/www.hotelpalauverd.com\/\" target=\"_blank\" rel=\"noopener\">&nbsp;www.hotelcostablancadenia.com<\/a><\/h2>\n\n\n\n<h3 class=\"wp-block-heading\">1.- OBJETO.<\/h3>\n\n\n\n<p>Las presentes condiciones generales de uso (en adelante CGU), regulan el acceso y el uso del Website bajo el dominio www.hotelcostablancadenia.com (en adelante Website), titularidad de \u201cJos\u00e9 Cruz Mart\u00ed Gramaje\u201d (en adelante Jos\u00e9 Cruz Mart\u00ed Gramaje), puesto a disposici\u00f3n de los usuarios (en adelante Usuario\/s).<\/p>\n\n\n\n<p>Ante cualquier duda o consulta relacionada con la utilizaci\u00f3n y acceso al Website o de las presentes CGU, puede contactar con nosotros a trav\u00e9s de los datos de contacto publicados en el Aviso Legal.<\/p>\n\n\n\n<h3 class=\"wp-block-heading\">2.- CONFORMIDAD CON LAS PRESENTES CONDICIONES GENERALES.<\/h3>\n\n\n\n<p>La utilizaci\u00f3n del Website supone la aceptaci\u00f3n plena por el Usuario de las CGU vigentes en cada momento en que el Usuario acceda al mismo. Por lo que \u00e9ste si no est\u00e1 de acuerdo con cualquiera de las condiciones aqu\u00ed establecidas deber\u00e1 abstenerse de usar este Website.<\/p>\n\n\n\n<p>En consecuencia, el Usuario debe leer con atenci\u00f3n las CGU cada vez que se proponga utilizar el Website.<\/p>\n\n\n\n<p>En todo caso, Jos\u00e9 Cruz Mart\u00ed Gramaje se reserva el derecho de modificar, sin previo aviso y en cualquier momento las CGU. Asimismo, Jos\u00e9 Cruz Mart\u00ed Gramaje se reserva el derecho de suspender, interrumpir o dejar de operar el Website en cualquier momento.<\/p>\n\n\n\n<p>Por \u201cutilizaci\u00f3n del Website\u201d, se entiende a todo Usuario que acceda y navegue por el Website independientemente de que cumplimente los formularios de registro.<\/p>\n\n\n\n<h3 class=\"wp-block-heading\">3.- CONDICIONES DE ACCESO Y USO DEL WEBSITE Y DE SUS CONTENIDOS.<\/h3>\n\n\n\n<p>El acceso al Website y\/o a los Contenidos incluidos en el mismo no implica ning\u00fan tipo de garant\u00eda respecto a la idoneidad del Website y\/o de los Contenidos incluidos en el mismo para fines particulares o espec\u00edficos de los Usuarios.<\/p>\n\n\n\n<p>Jos\u00e9 Cruz Mart\u00ed Gramaje podr\u00e1 establecer limitaciones y\/o condiciones adicionales para el uso y\/o acceso al Website y\/o a los Contenidos, las cuales deber\u00e1n ser observadas por los Usuarios en todo caso.<\/p>\n\n\n\n<h3 class=\"wp-block-heading\">3.1- Acceso y Uso del Website.<\/h3>\n\n\n\n<p>Salvo que se disponga otra cosa, el uso del Website tendr\u00e1 car\u00e1cter gratuito, sin perjuicio del coste de conexi\u00f3n a trav\u00e9s de la correspondiente red de telecomunicaciones que tenga contratada el Usuario.<\/p>\n\n\n\n<p>El Usuario reconoce ser mayor de dieciocho a\u00f1os, asimismo es consciente y acepta voluntaria y expresamente que el uso del Website se realiza en todo caso bajo su \u00fanica y exclusiva responsabilidad.<\/p>\n\n\n\n<p>El Usuario se obliga al cumplimiento de las CGU, as\u00ed como a cumplir las especiales advertencias o instrucciones contenidas en el Website y a obrar siempre conforme a la ley, a las buenas costumbres y a las exigencias de la buena fe, empleando su m\u00e1xima en atenci\u00f3n teniendo en cuenta la naturaleza y contraprestaci\u00f3n del servicio del que disfruta. A tal efecto, se abstendr\u00e1 de utilizar el Website de cualquier forma que pueda impedir, da\u00f1ar o deteriorar el normal funcionamiento del mismo, los bienes o derechos de Jos\u00e9 Cruz Mart\u00ed Gramaje, sus proveedores, sus distribuidores, el resto de Usuarios o en general de cualquier tercero.<\/p>\n\n\n\n<p>Concretamente y sin que ello implique restricci\u00f3n alguna a la obligaci\u00f3n asumida por el Usuario con car\u00e1cter general de conformidad con el apartado anterior, el Usuario se obliga en la utilizaci\u00f3n del Website:<\/p>\n\n\n\n<p>a) A no introducir, almacenar o difundir en o desde el Website, cualquier informaci\u00f3n o material que sea difamatorio, injurioso, obsceno, amenazador, xen\u00f3fobo, pornogr\u00e1fico, de apolog\u00eda al terrorismo, incite a la violencia, a la discriminaci\u00f3n por raz\u00f3n de raza, sexo, ideolog\u00eda, religi\u00f3n o que de cualquier forma atente contra la forma, el orden p\u00fablico, los derechos fundamentales, las libertades p\u00fablicas, el honor, la intimidad o la imagen de terceros y en general la normativa vigente.<\/p>\n\n\n\n<p>b) A no introducir, almacenar o difundir mediante el Website ning\u00fan programa de ordenador, datos, virus, c\u00f3digo, o cualquier otro instrumento o dispositivo electr\u00f3nico o f\u00edsico que sea susceptible de causar da\u00f1os en el Website, en cualquiera de los servicios, o en cualquiera de los equipos, sistemas o redes de Jos\u00e9 Cruz Mart\u00ed Gramaje, de cualquier Usuario, de los Proveedores o Distribuidores de Jos\u00e9 Cruz Mart\u00ed Gramaje o en general de cualquier tercero, capaz de causar cualquier tipo de alteraci\u00f3n o impedir el normal funcionamiento de los mismos.<\/p>\n\n\n\n<p>c) A no introducir, almacenar o difundir mediante el Website cualquier contenido que infrinja las normas de propiedad intelectual, industrial o derechos de terceros, ni en general ning\u00fan contenido del cual no ostentara, de conformidad con la ley, el derecho a ponerlo a disposici\u00f3n de terceros.<\/p>\n\n\n\n<h3 class=\"wp-block-heading\">3.2- Acceso y Uso de los Contenidos.<\/h3>\n\n\n\n<p>Los Contenidos del Website son puestos a disposici\u00f3n del Usuario con informaci\u00f3n procedente tanto de fuentes propias como de terceros.<\/p>\n\n\n\n<p>Jos\u00e9 Cruz Mart\u00ed Gramaje procura que los Contenidos sean de la mayor calidad posible y est\u00e9n razonablemente actualizados, pero no garantiza la utilidad, exactitud, exhaustividad, pertinencia y\/o actualidad de los Contenidos.<\/p>\n\n\n\n<h3 class=\"wp-block-heading\">4.- DERECHOS DE PROPIEDAD INTELECTUAL E INDUSTRIAL.<\/h3>\n\n\n\n<p>Mediante estas CGU no se cede ning\u00fan derecho de propiedad intelectual o industrial sobre el Website ni sobre ninguno de sus elementos integrantes, quedando expresamente prohibidos al Usuario la reproducci\u00f3n, transformaci\u00f3n, distribuci\u00f3n, comunicaci\u00f3n p\u00fablica, puesta a disposici\u00f3n, extracci\u00f3n, reutilizaci\u00f3n, reenv\u00edo o la utilizaci\u00f3n de cualquier naturaleza, por cualquier medio o procedimiento, de cualquiera de ellos, salvo en los casos en que est\u00e9 legalmente permitido o sea autorizado por el titular de los correspondientes derechos.<\/p>\n\n\n\n<p>El Usuario podr\u00e1 visualizar y obtener una copia privada temporal de los Contenidos para su exclusivo uso personal y privado en sus sistemas inform\u00e1ticos (software y hardware), siempre que no sea con la finalidad de desarrollar actividades de car\u00e1cter comercial o profesional. El Usuario deber\u00e1 abstenerse de obtener, o intentar obtener, los Contenidos por medios o procedimientos distintos de los que en cada caso se hayan puesto a su disposici\u00f3n o indicado al efecto o de los que se utilicen habitualmente en Internet (siempre que estos \u00faltimos no entra\u00f1en un riesgo de da\u00f1o o inutilizaci\u00f3n del Website). El Usuario deber\u00e1 respetar en todo momento todos los derechos de propiedad intelectual e industrial sobre el Website, de titularidad de Jos\u00e9 Cruz Mart\u00ed Gramaje o de terceros.<\/p>\n\n\n\n<h3 class=\"wp-block-heading\">5.- EXCLUSI\u00d3N DE GARANT\u00cdAS Y RESPONSABILIDAD.<\/h3>\n\n\n\n<h3 class=\"wp-block-heading\">5.1.- Exclusi\u00f3n de Garant\u00edas y Responsabilidad por el Funcionamiento del Website.<\/h3>\n\n\n\n<p>Jos\u00e9 Cruz Mart\u00ed Gramaje no garantiza la disponibilidad y continuidad del funcionamiento del Website y de los servicios o Contenidos ofrecidos en el mismo, ni que el contenido existente en su Website se encuentre actualizado, quedando exonerado de toda responsabilidad por los da\u00f1os y perjuicios de cualquier naturaleza que puedan originarse por tales circunstancias.<\/p>\n\n\n\n<p>Jos\u00e9 Cruz Mart\u00ed Gramaje llevar\u00e1 a cabo, siempre que no concurran circunstancias que lo hagan imposible o de dif\u00edcil ejecuci\u00f3n y tan pronto tenga noticias de los errores, desconexiones y\/o falta de actualizaci\u00f3n de los contenidos, todas aquellas labores tendentes a subsanar los errores, restablecer la comunicaci\u00f3n y\/o actualizar los referidos contenidos.<\/p>\n\n\n\n<p>Asimismo, Jos\u00e9 Cruz Mart\u00ed Gramaje no garantiza ni la fiabilidad t\u00e9cnica de su Website, ni el acceso a sus distintas p\u00e1ginas, quedando de la misma forma exonerado de toda responsabilidad por los da\u00f1os y perjuicios de cualquier naturaleza que puedan originarse por esta causa.<\/p>\n\n\n\n<p>Adem\u00e1s, Jos\u00e9 Cruz Mart\u00ed Gramaje no se hace responsable de los posibles errores o deficiencias de seguridad que pudieran producirse por la utilizaci\u00f3n por parte del Usuario de un navegador de una versi\u00f3n no actualizada o insegura en el navegador o de los da\u00f1os, errores o inexactitudes que pudieran derivarse del mal funcionamiento del mismo.<\/p>\n\n\n\n<p>Con el fin de disminuir el riesgo de introducci\u00f3n de virus en el Website, utiliza programas de detecci\u00f3n de virus para controlar todos los Contenidos que introduce en el Website. No obstante, Jos\u00e9 Cruz Mart\u00ed Gramaje no garantiza la ausencia de virus, ni de otros elementos en el Website introducidos por terceros ajenos a Jos\u00e9 Cruz Mart\u00ed Gramaje que puedan producir alteraciones en los sistemas f\u00edsicos o l\u00f3gicos de los usuarios o en los documentos electr\u00f3nicos y ficheros almacenados en sus sistemas. En consecuencia, Jos\u00e9 Cruz Mart\u00ed Gramaje no ser\u00e1 en ning\u00fan caso responsable de cualesquiera da\u00f1os y perjuicios de toda naturaleza que pudieran derivarse de la presencia de virus u otros elementos que puedan producir alteraciones en los sistemas f\u00edsicos o l\u00f3gicos, documentos electr\u00f3nicos o ficheros de los Usuarios.<\/p>\n\n\n\n<p>Jos\u00e9 Cruz Mart\u00ed Gramaje adopta diversas medidas de protecci\u00f3n para proteger el Website, los datos recabados y los Contenidos contra ataques inform\u00e1ticos de terceros. No obstante, Jos\u00e9 Cruz Mart\u00ed Gramaje no garantiza que terceros no autorizados puedan tener acceso al tipo de uso o navegaci\u00f3n del Website que hace el Usuario o las condiciones, caracter\u00edsticas y circunstancias en las cuales se efect\u00faa. En consecuencia, Jos\u00e9 Cruz Mart\u00ed Gramaje no ser\u00e1 en ning\u00fan caso responsable de los da\u00f1os y perjuicios que pudieran derivarse de dicho acceso no autorizado.<\/p>\n\n\n\n<p>Jos\u00e9 Cruz Mart\u00ed Gramaje no se har\u00e1 responsable en ning\u00fan caso del uso que los usuarios y\/o terceros pudieran hacer del Website o los Contenidos, ni de los da\u00f1os y perjuicios que pudieran derivarse del mismo.<\/p>\n\n\n\n<h3 class=\"wp-block-heading\">5.2.- Exclusi\u00f3n de Garant\u00edas y de Responsabilidad por los Contenidos.<\/h3>\n\n\n\n<p>Jos\u00e9 Cruz Mart\u00ed Gramaje no edita los Contenidos de terceros publicados en el Website y, en consecuencia, no garantiza ni se hace responsable de la licitud, fiabilidad, utilidad, veracidad, exactitud, exhaustividad y actualidad de dichos Contenidos, as\u00ed como tampoco de los Contenidos titularidad de Jos\u00e9 Cruz Mart\u00ed Gramaje. Jos\u00e9 Cruz Mart\u00ed Gramaje no ser\u00e1 en ning\u00fan caso responsable de cualesquiera da\u00f1os y perjuicios que pudieran derivarse de: (i) la falta de licitud, veracidad, exactitud, exhaustividad y\/o actualidad de los Contenidos originados por terceros y suyos propios; (ii) la inadecuaci\u00f3n para cualquier prop\u00f3sito y la defraudaci\u00f3n de las expectativas generadas por los Contenidos; (iii) decisiones o acciones tomadas o evitadas por parte del usuario confiando en la informaci\u00f3n o datos facilitados o proporcionados en los Contenidos, incluyendo sin limitaci\u00f3n la p\u00e9rdida de beneficios u oportunidades empresariales.<\/p>\n\n\n\n<h3 class=\"wp-block-heading\">6.- HIPERENLACES.<\/h3>\n\n\n\n<p>Aquellas personas que se propongan establecer hiperenlaces entre su p\u00e1gina Web y el Website deber\u00e1n observar y cumplir las condiciones siguientes:<\/p>\n\n\n\n<p>i) No ser\u00e1 necesaria autorizaci\u00f3n previa cuando el Hiperenlace permita \u00fanicamente el acceso a la p\u00e1gina de inicio del Website, pero no podr\u00e1 reproducirla de ninguna forma. Cualquier otra forma de Hiperenlace requerir\u00e1 la autorizaci\u00f3n expresa e inequ\u00edvoca por escrito por parte de Jos\u00e9 Cruz Mart\u00ed Gramaje.<\/p>\n\n\n\n<p>ii) La p\u00e1gina Web en la que se establezca el Hiperenlace solo podr\u00e1 contener lo estrictamente necesario para identificar el destino del Hiperenlace.<\/p>\n\n\n\n<p>iii) La p\u00e1gina Web en la que se establezca el Hiperenlace no contendr\u00e1 informaciones o contenidos il\u00edcitos, contrarios a la moral y a las buenas costumbres generalmente aceptadas y al orden p\u00fablico, as\u00ed como tampoco contendr\u00e1 contenidos contrarios a cualesquiera derechos de terceros.<\/p>\n\n\n\n<p>iv) Jos\u00e9 Cruz Mart\u00ed Gramaje se reserva el derecho a bloquear los Hiperenlaces dirigidos al Website que no cuenten con autorizaci\u00f3n expresa con car\u00e1cter previo aun cumpliendo con lo preceptuado en este punto de las Condiciones Generales.<\/p>\n\n\n\n<h3 class=\"wp-block-heading\">7.- ACCIONES EN CASO DE INCUMPLIMIENTO.<\/h3>\n\n\n\n<p>Jos\u00e9 Cruz Mart\u00ed Gramaje se reserva el derecho a ejercer cuantas acciones est\u00e9n disponibles en derecho para exigir las responsabilidades que se deriven del incumplimiento de cualquiera de las disposiciones de estas Condiciones Generales del Website por parte de un usuario.<\/p>\n\n\n\n<h3 class=\"wp-block-heading\">8.- NULIDAD PARCIAL.<\/h3>\n\n\n\n<p>La declaraci\u00f3n de cualquiera de las cl\u00e1usulas contenidas en estas Condiciones Generales como nula, inv\u00e1lida o ineficaz no afectar\u00e1 a la validez o eficacia de las restantes, que seguir\u00e1n siendo vinculantes entre las partes.<\/p>\n\n\n\n<h3 class=\"wp-block-heading\">9.- LEY APLICABLE Y JURISDICCI\u00d3N.<\/h3>\n\n\n\n<p>Las presentes CGU se regir\u00e1n por lo dispuesto en la legislaci\u00f3n espa\u00f1ola.<\/p>\n\n\n\n<p>Cualquier controversia relativa a las condiciones de uso y acceso a este Website contenidas en el presente documento de CGU del Website, las partes se someten, renunciando expresamente a cualquier otro fuero que pudiera corresponderles, salvo que por imperativo legal se determine lo contrario, a los Juzgados de Denia.<\/p>\n\n\n\n<h3 class=\"wp-block-heading\">10.- NOTIFICACIONES.<\/h3>\n\n\n\n<p>A los efectos de practicar las oportunas notificaciones, Jos\u00e9 Cruz Mart\u00ed Gramaje designa como domicilio de contacto el especificado en el Aviso Legal.<\/p>\n\n\n\n<p>El correo electr\u00f3nico facilitado por el Usuario durante el proceso de registro en el Website, ser\u00e1 el utilizado por Jos\u00e9 Cruz Mart\u00ed Gramaje a efectos de practicar notificaciones al Usuario.<\/p>\n\n\n\n<p>El Usuario est\u00e1 obligado a mantener debidamente actualizados los datos que a efectos de notificaciones se referencian en la presente cl\u00e1usula.<\/p>\n\n\n\n<p>Todas las Notificaciones que efect\u00fae Jos\u00e9 Cruz Mart\u00ed Gramaje al Usuario se considerar\u00e1n v\u00e1lidamente efectuadas si se han realizado empleando los datos y a trav\u00e9s de los medios anteriormente se\u00f1alados. Jos\u00e9 Cruz Mart\u00ed Gramaje no se responsabiliza de cualquier perjuicio que pudiere producirse por la vulneraci\u00f3n del Usuario de su obligaci\u00f3n de mantenimiento actualizado de sus datos de contacto.<\/p>\n","protected":false},"excerpt":{"rendered":"<p>En cumplimiento del art. 10 de Ley 34\/2002, de 11 de julio, de servicios de la sociedad de la informaci\u00f3n y de comercio electr\u00f3nico, le informamos que el responsable de este sitio web es: POL\u00cdTICA DE PRIVACIDAD La presente pol\u00edtica de privacidad es conforme al Reglamento (UE) 2016\/679 del Parlamento Europeo y del Consejo, de [&hellip;]<\/p>\n","protected":false},"author":1,"featured_media":0,"parent":0,"menu_order":0,"comment_status":"closed","ping_status":"closed","template":"","meta":{"_joinchat":[],"footnotes":""},"class_list":["post-23","page","type-page","status-publish","hentry"],"_links":{"self":[{"href":"https:\/\/hotelcostablancadenia.com\/es\/wp-json\/wp\/v2\/pages\/23","targetHints":{"allow":["GET"]}}],"collection":[{"href":"https:\/\/hotelcostablancadenia.com\/es\/wp-json\/wp\/v2\/pages"}],"about":[{"href":"https:\/\/hotelcostablancadenia.com\/es\/wp-json\/wp\/v2\/types\/page"}],"author":[{"embeddable":true,"href":"https:\/\/hotelcostablancadenia.com\/es\/wp-json\/wp\/v2\/users\/1"}],"replies":[{"embeddable":true,"href":"https:\/\/hotelcostablancadenia.com\/es\/wp-json\/wp\/v2\/comments?post=23"}],"version-history":[{"count":4,"href":"https:\/\/hotelcostablancadenia.com\/es\/wp-json\/wp\/v2\/pages\/23\/revisions"}],"predecessor-version":[{"id":774,"href":"https:\/\/hotelcostablancadenia.com\/es\/wp-json\/wp\/v2\/pages\/23\/revisions\/774"}],"wp:attachment":[{"href":"https:\/\/hotelcostablancadenia.com\/es\/wp-json\/wp\/v2\/media?parent=23"}],"curies":[{"name":"wp","href":"https:\/\/api.w.org\/{rel}","templated":true}]}}